{"id":432,"date":"2019-03-04T18:03:45","date_gmt":"2019-03-04T17:03:45","guid":{"rendered":"https:\/\/couleur-jazz.fr\/?page_id=432"},"modified":"2026-02-25T11:54:30","modified_gmt":"2026-02-25T10:54:30","slug":"les-musiciens-2","status":"publish","type":"page","link":"https:\/\/couleur-jazz.fr\/?page_id=432","title":{"rendered":""},"content":{"rendered":"<p style=\"background-color: #ecbd60; color: #080807; font-size: 24px;\">&nbsp;&nbsp;Chef d&rsquo;orchestre<\/p>\n<!-- \/wp:post-content -->\n\n<!-- wp:shortcode -->\n\n\n<table id=\"tablepress-1\" class=\"tablepress tablepress-id-1\">\n<tbody>\n<tr class=\"row-1\">\n\t<td class=\"column-1\"><img decoding=\"async\" src=\"https:\/\/couleur-jazz.fr\/wp-content\/uploads\/2026\/02\/Bruno-jazz-150x150.jpg\"  \/> <br \/>\n<p style=\" color:#ecbd60; font-size:30px; \">Bruno FLORIT<\/ul-p><br \/>\n<ul p style=\" color:white; font-size:14px; \">Bruno Florit est pianiste et tromboniste de formation. Il a \u00e9t\u00e9 musicien dans divers Big Band de la r\u00e9gion lyonnaise dont celui de St Priest, et a jou\u00e9 en premi\u00e8re partie de St\u00e9phane Grappelli.<br \/>\nIl a aussi dirig\u00e9 un Big Band \u00e9ph\u00e9m\u00e8re en pr\u00e9sence du compositeur Martial Solal. <br \/>\n\ufeff\ufeffIl est \u00e0 l\u2019origine du Big Band Couleur Jazz et le dirige depuis sa cr\u00e9ation.<\/p><br \/>\n<\/td>\n<\/tr>\n<\/tbody>\n<\/table>\n<!-- #tablepress-1 from cache -->\n\n<!-- \/wp:shortcode -->\n\n<!-- wp:html -->\n<p style=\"background-color: #ecbd60; color: #080807; font-size: 24px;\">&nbsp;&nbsp;Les musiciens<\/p>\n<!-- wp:shortcode -->\n\n<table id=\"tablepress-5\" class=\"tablepress tablepress-id-5\">\n<tbody>\n<tr class=\"row-1\">\n\t<td class=\"column-1\"><img loading=\"lazy\" decoding=\"async\" src=\"https:\/\/couleur-jazz.fr\/wp-content\/uploads\/2023\/11\/MicroColor.png\" alt=\"\" width=\"129\" height=\"89\" class=\"alignnone size-medium wp-image-1236\" \/><\/td><td class=\"column-2\"><ul style=\" color:#ecbd60; font-size:24px;\">Chant<\/ul-p><br \/>\n<ul style=\" color:white; font-size:14px; margin:0; padding-left:20px; line-height: 1;\"><li>Marie Claire Boyadjian<\/li><\/ul-p><\/td>\n<\/tr>\n<tr class=\"row-2\">\n\t<td class=\"column-1\"> <img loading=\"lazy\" decoding=\"async\" src=\"https:\/\/couleur-jazz.fr\/wp-content\/uploads\/2023\/11\/TrompetteColor.png\" alt=\"\" width=\"129\" height=\"89\" class=\"alignnone size-full wp-image-405\" \/><\/td><td class=\"column-2\"><ul style=\" color:#ecbd60; font-size:24px; \">Trompettes<\/ul-p><br \/>\n<ul style=\"color:white; font-size:14px; margin:0; padding-left:20px;line-height: 0.5;\"><br \/>\n  <li style=\"margin:0; padding:2px 0;\">Michel Milan<\/li><br \/>\n  <li style=\"margin:0; padding:2px 0;\">Louis Aubineau<\/li><br \/>\n  <li style=\"margin:0; padding:2px 0;\">Denis Pastor<\/li><br \/>\n  <li style=\"margin:0; padding:2px 0;\">Andr\u00e9 Bazin<\/li><br \/>\n<\/ul-p><\/td>\n<\/tr>\n<tr class=\"row-3\">\n\t<td class=\"column-1\"><code><img loading=\"lazy\" decoding=\"async\" src=\"https:\/\/couleur-jazz.fr\/wp-content\/uploads\/2023\/11\/TrombonneColor.png\" alt=\"\" width=\"129\" height=\"89\" class=\"alignnonesize-full wp-image-404\" \/><\/code><\/td><td class=\"column-2\"><ul style=\" color:#ecbd60; font-size:24px; \">Trombones<\/ul-p><br \/>\n<ul style=\"color:white; font-size:14px; margin:0; padding-left:20px;line-height: 0.5;\"><br \/>\n  <li style=\"margin:0; padding:2px 0;\">Andr\u00e9 Chaperon<\/li><br \/>\n  <li style=\"margin:0; padding:2px 0;\">Alexandre Dunis<\/li><br \/>\n  <li style=\"margin:0; padding:2px 0;\">Anne-Laure Lextrait<\/li><br \/>\n  <li style=\"margin:0; padding:2px 0;\">Fabien Roger<\/li><br \/>\n  <li style=\"margin:0; padding:2px 0;\">Philippe Blanc-Benon<\/li><br \/>\n<\/ul-p><\/td>\n<\/tr>\n<tr class=\"row-4\">\n\t<td class=\"column-1\"><img loading=\"lazy\" decoding=\"async\" src=\"https:\/\/couleur-jazz.fr\/wp-content\/uploads\/2023\/11\/SaxColor.png\" alt=\"\" width=\"129\" height=\"89\" class=\"alignnone size-medium wp-image-542\" \/><br \/>\n<\/td><td class=\"column-2\"><ul style=\"color:#ecbd60; font-size:24px\">Saxophones<\/ul-p><br \/>\n<ul style=\"color:white; font-size:14px; margin:0; padding-left:20px;line-height: 0.5;\"><br \/>\n  <li style=\"margin:0; padding:2px 0;\">R\u00e9mi Barb\u00e9<\/li><br \/>\n  <li style=\"margin:0; padding:2px 0;\">Jean-Yves Jullien<\/li><br \/>\n  <li style=\"margin:0; padding:2px 0;\">Ghislain Darbon<\/li><br \/>\n  <li style=\"margin:0; padding:2px 0;\">Pascal Heyligen<\/li><br \/>\n  <li style=\"margin:0; padding:2px 0;\">Eric Corbet<\/li><br \/>\n  <li style=\"margin:0; padding:2px 0;\">Yvon Durieux<\/li><br \/>\n<\/ul-p><\/td>\n<\/tr>\n<tr class=\"row-5\">\n\t<td class=\"column-1\"> <img loading=\"lazy\" decoding=\"async\" src=\"https:\/\/couleur-jazz.fr\/wp-content\/uploads\/2023\/11\/GuitatreColor.png\" alt=\"\" width=\"129\" height=\"89\" class=\"alignnone size-medium wp-image-541\" \/><\/td><td class=\"column-2\"><ul style=\" color:#ecbd60; font-size:24px; \">Guitare \u00e9l\u00e9ctrique<\/ul-p><br \/>\n<ul p style=\" color:white; font-size:14px; margin:0; padding-left:20px;line-height: 0.5;\"><li>Jean-Marc Bonnie<\/li><\/ul-p><\/td>\n<\/tr>\n<tr class=\"row-6\">\n\t<td class=\"column-1\"> <img loading=\"lazy\" decoding=\"async\" src=\"https:\/\/couleur-jazz.fr\/wp-content\/uploads\/2026\/02\/Basse-v2.png\" alt=\"\" width=\"129\" height=\"89\" class=\"alignnone size-full wp-image-397\" \/><\/td><td class=\"column-2\"><ul style=\" color:#ecbd60; font-size:24px; \">Guitare basse<\/ul-p><br \/>\n<ul p style=\" color:white; font-size:14px; margin:0; padding-left:20px;line-height: 0.5;\"><li>Alain Coulet<\/li><\/ul-p><\/td>\n<\/tr>\n<tr class=\"row-7\">\n\t<td class=\"column-1\"> <img loading=\"lazy\" decoding=\"async\" src=\"https:\/\/couleur-jazz.fr\/wp-content\/uploads\/2023\/11\/VibraColor.png\" alt=\"\" width=\"129\" height=\"90\" class=\"alignnone size-full wp-image-406\" \/><\/td><td class=\"column-2\"><ul style=\" color:#ecbd60; font-size:24px; \">Vibraphone<\/ul-p><br \/>\n<ul p style=\" color:white; font-size:14px;margin:0; padding-left:20px;line-height: 0.5; \"><li>Armen Paronikyan<\/li><\/ul-p><\/td>\n<\/tr>\n<tr class=\"row-8\">\n\t<td class=\"column-1\"> <img loading=\"lazy\" decoding=\"async\" src=\"https:\/\/couleur-jazz.fr\/wp-content\/uploads\/2023\/11\/PianoColor.png\" alt=\"\" width=\"129\" height=\"90\" class=\"alignnone size-full wp-image-402\" \/><\/td><td class=\"column-2\"><ul style=\" color:#ecbd60; font-size:24px; \">Clavier<\/ul-p><br \/>\n<ul p style=\" color:white; font-size:14px;margin:0; padding-left:20px;line-height: 0.5; \"><li>Philipe Lardon<\/li><\/ul-p><\/td>\n<\/tr>\n<tr class=\"row-9\">\n\t<td class=\"column-1\"> <img loading=\"lazy\" decoding=\"async\" src=\"https:\/\/couleur-jazz.fr\/wp-content\/uploads\/2023\/11\/BatterieColor.png\" alt=\"\" width=\"129\" height=\"89\" class=\"alignnone size-full wp-image-398\" \/><\/td><td class=\"column-2\"><ul style=\" color:#ecbd60; font-size:24px; \">Batterie<\/ul-p><br \/>\n<ul p style=\" color:white; font-size:14px; margin:0; padding-left:20px;line-height: 0.5;\"><li>Fabien Payen<\/li><\/ul-p><br \/>\n<\/td>\n<\/tr>\n<\/tbody>\n<\/table>\n<!-- #tablepress-5 from cache -->\n<!-- \/wp:shortcode -->","protected":false},"excerpt":{"rendered":"<p>&nbsp;&nbsp;Chef d&rsquo;orchestre &nbsp;&nbsp;Les musiciens<\/p>\n","protected":false},"author":1,"featured_media":0,"parent":0,"menu_order":0,"comment_status":"closed","ping_status":"closed","template":"page_apropos.php","meta":{"footnotes":""},"class_list":["post-432","page","type-page","status-publish","hentry"],"_links":{"self":[{"href":"https:\/\/couleur-jazz.fr\/index.php?rest_route=\/wp\/v2\/pages\/432","targetHints":{"allow":["GET"]}}],"collection":[{"href":"https:\/\/couleur-jazz.fr\/index.php?rest_route=\/wp\/v2\/pages"}],"about":[{"href":"https:\/\/couleur-jazz.fr\/index.php?rest_route=\/wp\/v2\/types\/page"}],"author":[{"embeddable":true,"href":"https:\/\/couleur-jazz.fr\/index.php?rest_route=\/wp\/v2\/users\/1"}],"replies":[{"embeddable":true,"href":"https:\/\/couleur-jazz.fr\/index.php?rest_route=%2Fwp%2Fv2%2Fcomments&post=432"}],"version-history":[{"count":95,"href":"https:\/\/couleur-jazz.fr\/index.php?rest_route=\/wp\/v2\/pages\/432\/revisions"}],"predecessor-version":[{"id":2054,"href":"https:\/\/couleur-jazz.fr\/index.php?rest_route=\/wp\/v2\/pages\/432\/revisions\/2054"}],"wp:attachment":[{"href":"https:\/\/couleur-jazz.fr\/index.php?rest_route=%2Fwp%2Fv2%2Fmedia&parent=432"}],"curies":[{"name":"wp","href":"https:\/\/api.w.org\/{rel}","templated":true}]}}